{"id":3288,"date":"2020-10-27T14:56:21","date_gmt":"2020-10-27T13:56:21","guid":{"rendered":"https:\/\/www.hotelneuwirt.at\/?page_id=3288"},"modified":"2020-11-16T15:53:46","modified_gmt":"2020-11-16T14:53:46","slug":"covid-19-tajekoztato","status":"publish","type":"page","link":"https:\/\/www.hotelneuwirt.at\/hu\/covid-19-tajekoztato\/","title":{"rendered":"COVID-19 t\u00e1j\u00e9koztat\u00f3"},"content":{"rendered":"<p>&nbsp;<\/p>\n<h2 style=\"text-align: center;\"><strong>COVID-19 t\u00e1j\u00e9koztat\u00f3<\/strong><\/h2>\n<p><span class=\"button\"><em><strong>V\u00e9delmi el\u0151\u00edr\u00e1sok a vend\u00e9g \u00e9rkez\u00e9se el\u0151tt<\/strong><\/em><\/span><\/p>\n<p>&nbsp;<\/p>\n<p>A v\u00edrushelyzetre tekintettel sztorn\u00f3szab\u00e1lyainkat a k\u00f6vetkez\u0151k szerint v\u00e1ltoztatjuk:<\/p>\n<p>&nbsp;<\/p>\n<p>-Az utaz\u00e1s megkezd\u00e9se el\u0151tt, amennyiben a v\u00edrushelyzet s\u00falyosbod\u00e1sa, hat\u00e1rz\u00e1r vagy pozit\u00edv teszt miatti karant\u00e9nk\u00f6telezetts\u00e9g (vagyis a vend\u00e9g \u00f6nhib\u00e1j\u00e1n k\u00edv\u00fcl nem ker\u00fcl sor az utaz\u00e1sra) a foglal\u00e1s 1 h\u00e9ttel az utaz\u00e1s el\u0151tt t\u00e9r\u00edt\u00e9smentesen lemondhat\u00f3.<\/p>\n<p>&nbsp;<\/p>\n<p>-K\u00e9rj\u00fck, hogy amennyiben betegnek \u00e9rzik magukat, halassz\u00e1k el utaz\u00e1sukat, \u00faj id\u0151pont k\u00e9r\u00e9s \u00e9rdek\u00e9ben vegy\u00e9k fel sz\u00e1llod\u00e1nk recepci\u00f3j\u00e1val a kapcsolatot.<\/p>\n<p>&nbsp;<\/p>\n<p>-Bejelentkez\u00e9s\u00fcket megpr\u00f3b\u00e1ljuk min\u00e9l \u00e9rint\u00e9smentesebben elv\u00e9gezni, ez\u00e9rt k\u00e9rj\u00fck utaz\u00e1suk el\u0151tt, recepci\u00f3nkt\u00f3l kapott email-es adategyeztet\u0151 level\u00fcnkre v\u00e1laszlevel\u00fckben \u00edrj\u00e1k meg bejelentkez\u00e9s\u00fckh\u00f6z sz\u00fcks\u00e9ges adataikat. Ezzel meggyors\u00edtj\u00e1k a recepci\u00f3n tart\u00f3zkod\u00e1s idej\u00e9t.<\/p>\n<p>&nbsp;<\/p>\n<p><em><strong>V\u00e9delmi el\u0151\u00edr\u00e1sok a vend\u00e9g \u00e9rkez\u00e9sekor \u00e9s tart\u00f3zkod\u00e1s\u00e1nak ideje alatt<\/strong><\/em><\/p>\n<p>&nbsp;<\/p>\n<p>-A vend\u00e9gek minden esetben a saj\u00e1t \u00e9s m\u00e1sok eg\u00e9szs\u00e9g\u00e9nek v\u00e9delme \u00e9rdek\u00e9ben csak k\u00e9zfert\u0151tlen\u00edt\u00e9st k\u00f6vet\u0151en l\u00e9phetnek az \u00e9p\u00fcletbe. Ennek biztos\u00edt\u00e1sa \u00e9rdek\u00e9ben, \u00e9rint\u00e9smentes k\u00e9zfert\u0151tlen\u00edt\u0151 \u00e1llom\u00e1s elhelyez\u00e9s\u00e9r\u0151l gondoskodtunk a bej\u00e1ratn\u00e1l.<\/p>\n<p>&nbsp;<\/p>\n<p>-A szob\u00e1kat fert\u0151tlen\u00edt\u00e9st k\u00f6vet\u0151en munkat\u00e1rsaink lez\u00e1rj\u00e1k, oda az \u00d6n\u00f6k \u00e9rkez\u00e9s\u00e9ig m\u00e1s szem\u00e9ly nem l\u00e9phet be.<\/p>\n<p>&nbsp;<\/p>\n<p>-Szobakulcsukat fert\u0151tlen\u00edtve, bor\u00edt\u00e9kban fogj\u00e1k megkapni, melyet k\u00e9rj\u00fck a t\u00e1voz\u00e1s napj\u00e1ig tartsanak magukn\u00e1l.<\/p>\n<p>&nbsp;<\/p>\n<p>-A hotel eg\u00e9sz ter\u00fclet\u00e9n a tart\u00f3zkod\u00e1suk ideje alatt a k\u00f6z\u00f6ss\u00e9gi helys\u00e9gekben terekben a maszk visel\u00e9se k\u00f6telez\u0151. Amennyiben nem rendelkeznek megfelel\u0151 maszkkal, k\u00e9rj\u00fck jelentkezzenek a recepci\u00f3n, ahol rendelkez\u00e9s\u00fckre bocs\u00e1tunk v\u00e9d\u0151maszkot.<\/p>\n<p>&nbsp;<\/p>\n<p>-Az \u00e9tterembe val\u00f3 bel\u00e9p\u00e9skor \u00e9s kil\u00e9p\u00e9skor, minden esetben a fert\u0151tlen\u00edt\u0151 haszn\u00e1lata k\u00f6telez\u0151. Ennek biztos\u00edt\u00e1sa \u00e9rdek\u00e9ben, \u00e9rint\u00e9smentes k\u00e9zfert\u0151tlen\u00edt\u0151 \u00e1llom\u00e1s elhelyez\u00e9s\u00e9r\u0151l gondoskodtunk az \u00e9tterem bej\u00e1rat\u00e1n\u00e1l.<\/p>\n<p>&nbsp;<\/p>\n<p>-A Wellness r\u00e9szleg haszn\u00e1lata el\u0151tt, minden esetben a fert\u0151tlen\u00edt\u0151 haszn\u00e1lata k\u00f6telez\u0151. Ennek biztos\u00edt\u00e1sa \u00e9rdek\u00e9ben, \u00e9rint\u00e9smentes k\u00e9zfert\u0151tlen\u00edt\u0151 \u00e1llom\u00e1s elhelyez\u00e9s\u00e9r\u0151l gondoskodtunk a Wellness bej\u00e1rat\u00e1n\u00e1l.<\/p>\n<p>&nbsp;<\/p>\n<p>-Amennyiben itt tart\u00f3zkod\u00e1suk eset\u00e9n betegnek \u00e9rzik magukat, h\u0151m\u00e9rs\u00e9klet m\u00e9r\u00e9sre jelentkezzenek a recepci\u00f3n.<\/p>\n<p>&nbsp;<\/p>\n<p><em><strong>V\u00e9delmi el\u0151\u00edr\u00e1sok a vend\u00e9g t\u00e1voz\u00e1sakor<\/strong><\/em><\/p>\n<p>&nbsp;<\/p>\n<p>-A t\u00e1voz\u00e1s napj\u00e1n a szobakulcsaikat a recepci\u00f3n kihelyezett t\u00e1rol\u00f3ba dobj\u00e1k be, innen fert\u0151tlen\u00edt\u00e9st k\u00f6vet\u0151en ism\u00e9t z\u00e1rt bor\u00edt\u00e9kban az \u00fajonnan \u00e9rkez\u0151 vend\u00e9gek r\u00e9sz\u00e9re adjuk \u00e1t.<\/p>\n<p>&nbsp;<\/p>\n<p>&#8211; A fizet\u00e9s m\u00f3dj\u00e1t, k\u00e9rj\u00fck a t\u00e1voz\u00e1st megel\u0151z\u0151 napon jelezz\u00e9k a recepci\u00f3n vagy \u00fczenetben az asztalukon elhelyezett mapp\u00e1ba.<\/p>\n<p>&nbsp;<\/p>\n<p>&#8211; Sz\u00e1ml\u00e1jukat a fizet\u00e9s m\u00f3dja szerint el\u0151re elk\u00e9sz\u00edtj\u00fck a min\u00e9l kevesebb kontakt \u00e9rdek\u00e9ben.<\/p>\n<p><strong> <\/strong><\/p>\n<p>&nbsp;<\/p>\n<p style=\"text-align: center;\"><em><strong>Meg\u00e9rt\u00e9s\u00fcket k\u00f6sz\u00f6nj\u00fck!<\/strong><\/em><\/p>\n","protected":false},"excerpt":{"rendered":"<p>&nbsp; COVID-19 t\u00e1j\u00e9koztat\u00f3 V\u00e9delmi el\u0151\u00edr\u00e1sok a vend\u00e9g \u00e9rkez\u00e9se el\u0151tt &nbsp; A v\u00edrushelyzetre tekintettel sztorn\u00f3szab\u00e1lyainkat a k\u00f6vetkez\u0151k szerint v\u00e1ltoztatjuk: &nbsp; -Az utaz\u00e1s megkezd\u00e9se el\u0151tt, amennyiben a v\u00edrushelyzet s\u00falyosbod\u00e1sa, hat\u00e1rz\u00e1r vagy pozit\u00edv teszt miatti karant\u00e9nk\u00f6telezetts\u00e9g (vagyis a vend\u00e9g \u00f6nhib\u00e1j\u00e1n k\u00edv\u00fcl nem ker\u00fcl sor az utaz\u00e1sra) a foglal\u00e1s 1 h\u00e9ttel az utaz\u00e1s el\u0151tt t\u00e9r\u00edt\u00e9smentesen lemondhat\u00f3. &nbsp; -K\u00e9rj\u00fck, hogy &hellip;<\/p>\n\n<p><a class=\"readmore btn btn-default btn-default btn-block\" href=\"https:\/\/www.hotelneuwirt.at\/hu\/covid-19-tajekoztato\/\">Read More<\/a><\/p>","protected":false},"author":5,"featured_media":0,"parent":0,"menu_order":4,"comment_status":"closed","ping_status":"closed","template":"","meta":{"_acf_changed":false,"rs_blank_template":"","rs_page_bg_color":"","slide_template_v7":"","footnotes":""},"class_list":["post-3288","page","type-page","status-publish","hentry"],"acf":[],"yoast_head":"<!-- This site is optimized with the Yoast SEO plugin v27.5 - https:\/\/yoast.com\/product\/yoast-seo-wordpress\/ -->\n<title>COVID-19 t\u00e1j\u00e9koztat\u00f3 - Hotel Neuwirt<\/title>\n<meta name=\"robots\" content=\"index, follow, max-snippet:-1, max-image-preview:large, max-video-preview:-1\" \/>\n<link rel=\"canonical\" href=\"https:\/\/www.hotelneuwirt.at\/hu\/covid-19-tajekoztato\/\" \/>\n<meta property=\"og:locale\" content=\"hu_HU\" \/>\n<meta property=\"og:type\" content=\"article\" \/>\n<meta property=\"og:title\" content=\"COVID-19 t\u00e1j\u00e9koztat\u00f3 - Hotel Neuwirt\" \/>\n<meta property=\"og:description\" content=\"&nbsp; COVID-19 t\u00e1j\u00e9koztat\u00f3 V\u00e9delmi el\u0151\u00edr\u00e1sok a vend\u00e9g \u00e9rkez\u00e9se el\u0151tt &nbsp; A v\u00edrushelyzetre tekintettel sztorn\u00f3szab\u00e1lyainkat a k\u00f6vetkez\u0151k szerint v\u00e1ltoztatjuk: &nbsp; -Az utaz\u00e1s megkezd\u00e9se el\u0151tt, amennyiben a v\u00edrushelyzet s\u00falyosbod\u00e1sa, hat\u00e1rz\u00e1r vagy pozit\u00edv teszt miatti karant\u00e9nk\u00f6telezetts\u00e9g (vagyis a vend\u00e9g \u00f6nhib\u00e1j\u00e1n k\u00edv\u00fcl nem ker\u00fcl sor az utaz\u00e1sra) a foglal\u00e1s 1 h\u00e9ttel az utaz\u00e1s el\u0151tt t\u00e9r\u00edt\u00e9smentesen lemondhat\u00f3. &nbsp; -K\u00e9rj\u00fck, hogy &hellip;\" \/>\n<meta property=\"og:url\" content=\"https:\/\/www.hotelneuwirt.at\/hu\/covid-19-tajekoztato\/\" \/>\n<meta property=\"og:site_name\" content=\"Hotel Neuwirt\" \/>\n<meta property=\"article:modified_time\" content=\"2020-11-16T14:53:46+00:00\" \/>\n<meta name=\"twitter:card\" content=\"summary_large_image\" \/>\n<meta name=\"twitter:label1\" content=\"Becs\u00fclt olvas\u00e1si id\u0151\" \/>\n\t<meta name=\"twitter:data1\" content=\"3 perc\" \/>\n<script type=\"application\/ld+json\" class=\"yoast-schema-graph\">{\"@context\":\"https:\\\/\\\/schema.org\",\"@graph\":[{\"@type\":\"WebPage\",\"@id\":\"https:\\\/\\\/www.hotelneuwirt.at\\\/hu\\\/covid-19-tajekoztato\\\/\",\"url\":\"https:\\\/\\\/www.hotelneuwirt.at\\\/hu\\\/covid-19-tajekoztato\\\/\",\"name\":\"COVID-19 t\u00e1j\u00e9koztat\u00f3 - Hotel Neuwirt\",\"isPartOf\":{\"@id\":\"https:\\\/\\\/www.hotelneuwirt.at\\\/#website\"},\"datePublished\":\"2020-10-27T13:56:21+00:00\",\"dateModified\":\"2020-11-16T14:53:46+00:00\",\"breadcrumb\":{\"@id\":\"https:\\\/\\\/www.hotelneuwirt.at\\\/hu\\\/covid-19-tajekoztato\\\/#breadcrumb\"},\"inLanguage\":\"hu\",\"potentialAction\":[{\"@type\":\"ReadAction\",\"target\":[\"https:\\\/\\\/www.hotelneuwirt.at\\\/hu\\\/covid-19-tajekoztato\\\/\"]}]},{\"@type\":\"BreadcrumbList\",\"@id\":\"https:\\\/\\\/www.hotelneuwirt.at\\\/hu\\\/covid-19-tajekoztato\\\/#breadcrumb\",\"itemListElement\":[{\"@type\":\"ListItem\",\"position\":1,\"name\":\"Startseite\",\"item\":\"https:\\\/\\\/www.hotelneuwirt.at\\\/hu\\\/\"},{\"@type\":\"ListItem\",\"position\":2,\"name\":\"COVID-19 t\u00e1j\u00e9koztat\u00f3\"}]},{\"@type\":\"WebSite\",\"@id\":\"https:\\\/\\\/www.hotelneuwirt.at\\\/#website\",\"url\":\"https:\\\/\\\/www.hotelneuwirt.at\\\/\",\"name\":\"Hotel Neuwirt\",\"description\":\"3 Sterne Hotel in Mauterndorf\",\"potentialAction\":[{\"@type\":\"SearchAction\",\"target\":{\"@type\":\"EntryPoint\",\"urlTemplate\":\"https:\\\/\\\/www.hotelneuwirt.at\\\/?s={search_term_string}\"},\"query-input\":{\"@type\":\"PropertyValueSpecification\",\"valueRequired\":true,\"valueName\":\"search_term_string\"}}],\"inLanguage\":\"hu\"}]}<\/script>\n<!-- \/ Yoast SEO plugin. -->","yoast_head_json":{"title":"COVID-19 t\u00e1j\u00e9koztat\u00f3 - Hotel Neuwirt","robots":{"index":"index","follow":"follow","max-snippet":"max-snippet:-1","max-image-preview":"max-image-preview:large","max-video-preview":"max-video-preview:-1"},"canonical":"https:\/\/www.hotelneuwirt.at\/hu\/covid-19-tajekoztato\/","og_locale":"hu_HU","og_type":"article","og_title":"COVID-19 t\u00e1j\u00e9koztat\u00f3 - Hotel Neuwirt","og_description":"&nbsp; COVID-19 t\u00e1j\u00e9koztat\u00f3 V\u00e9delmi el\u0151\u00edr\u00e1sok a vend\u00e9g \u00e9rkez\u00e9se el\u0151tt &nbsp; A v\u00edrushelyzetre tekintettel sztorn\u00f3szab\u00e1lyainkat a k\u00f6vetkez\u0151k szerint v\u00e1ltoztatjuk: &nbsp; -Az utaz\u00e1s megkezd\u00e9se el\u0151tt, amennyiben a v\u00edrushelyzet s\u00falyosbod\u00e1sa, hat\u00e1rz\u00e1r vagy pozit\u00edv teszt miatti karant\u00e9nk\u00f6telezetts\u00e9g (vagyis a vend\u00e9g \u00f6nhib\u00e1j\u00e1n k\u00edv\u00fcl nem ker\u00fcl sor az utaz\u00e1sra) a foglal\u00e1s 1 h\u00e9ttel az utaz\u00e1s el\u0151tt t\u00e9r\u00edt\u00e9smentesen lemondhat\u00f3. &nbsp; -K\u00e9rj\u00fck, hogy &hellip;","og_url":"https:\/\/www.hotelneuwirt.at\/hu\/covid-19-tajekoztato\/","og_site_name":"Hotel Neuwirt","article_modified_time":"2020-11-16T14:53:46+00:00","twitter_card":"summary_large_image","twitter_misc":{"Becs\u00fclt olvas\u00e1si id\u0151":"3 perc"},"schema":{"@context":"https:\/\/schema.org","@graph":[{"@type":"WebPage","@id":"https:\/\/www.hotelneuwirt.at\/hu\/covid-19-tajekoztato\/","url":"https:\/\/www.hotelneuwirt.at\/hu\/covid-19-tajekoztato\/","name":"COVID-19 t\u00e1j\u00e9koztat\u00f3 - Hotel Neuwirt","isPartOf":{"@id":"https:\/\/www.hotelneuwirt.at\/#website"},"datePublished":"2020-10-27T13:56:21+00:00","dateModified":"2020-11-16T14:53:46+00:00","breadcrumb":{"@id":"https:\/\/www.hotelneuwirt.at\/hu\/covid-19-tajekoztato\/#breadcrumb"},"inLanguage":"hu","potentialAction":[{"@type":"ReadAction","target":["https:\/\/www.hotelneuwirt.at\/hu\/covid-19-tajekoztato\/"]}]},{"@type":"BreadcrumbList","@id":"https:\/\/www.hotelneuwirt.at\/hu\/covid-19-tajekoztato\/#breadcrumb","itemListElement":[{"@type":"ListItem","position":1,"name":"Startseite","item":"https:\/\/www.hotelneuwirt.at\/hu\/"},{"@type":"ListItem","position":2,"name":"COVID-19 t\u00e1j\u00e9koztat\u00f3"}]},{"@type":"WebSite","@id":"https:\/\/www.hotelneuwirt.at\/#website","url":"https:\/\/www.hotelneuwirt.at\/","name":"Hotel Neuwirt","description":"3 Sterne Hotel in Mauterndorf","potentialAction":[{"@type":"SearchAction","target":{"@type":"EntryPoint","urlTemplate":"https:\/\/www.hotelneuwirt.at\/?s={search_term_string}"},"query-input":{"@type":"PropertyValueSpecification","valueRequired":true,"valueName":"search_term_string"}}],"inLanguage":"hu"}]}},"_links":{"self":[{"href":"https:\/\/www.hotelneuwirt.at\/hu\/wp-json\/wp\/v2\/pages\/3288","targetHints":{"allow":["GET"]}}],"collection":[{"href":"https:\/\/www.hotelneuwirt.at\/hu\/wp-json\/wp\/v2\/pages"}],"about":[{"href":"https:\/\/www.hotelneuwirt.at\/hu\/wp-json\/wp\/v2\/types\/page"}],"author":[{"embeddable":true,"href":"https:\/\/www.hotelneuwirt.at\/hu\/wp-json\/wp\/v2\/users\/5"}],"replies":[{"embeddable":true,"href":"https:\/\/www.hotelneuwirt.at\/hu\/wp-json\/wp\/v2\/comments?post=3288"}],"version-history":[{"count":0,"href":"https:\/\/www.hotelneuwirt.at\/hu\/wp-json\/wp\/v2\/pages\/3288\/revisions"}],"wp:attachment":[{"href":"https:\/\/www.hotelneuwirt.at\/hu\/wp-json\/wp\/v2\/media?parent=3288"}],"curies":[{"name":"wp","href":"https:\/\/api.w.org\/{rel}","templated":true}]}}